{"id":19902,"date":"2023-01-17T12:05:46","date_gmt":"2023-01-17T11:05:46","guid":{"rendered":"https:\/\/www.home.dbrsp.de\/?page_id=19902"},"modified":"2024-05-07T08:39:49","modified_gmt":"2024-05-07T06:39:49","slug":"referenzschule-fuer-medienbildung","status":"publish","type":"page","link":"https:\/\/www.home.dbrsp.de\/index.php\/referenzschule-fuer-medienbildung\/","title":{"rendered":"Referenzschule f\u00fcr Medienbildung"},"content":{"rendered":"\n\t\t<div id=\"fws_69f2865fdea6e\"  data-column-margin=\"default\" data-midnight=\"light\" data-top-percent=\"15%\" data-bottom-percent=\"13%\"  class=\"wpb_row vc_row-fluid vc_row full-width-section vc_row-o-equal-height vc_row-flex vc_row-o-content-bottom\"  style=\"padding-top: calc(100vw * 0.15); padding-bottom: calc(100vw * 0.13); \"><div class=\"row-bg-wrap\" data-bg-animation=\"none\" data-bg-animation-delay=\"\" data-bg-overlay=\"true\"><div class=\"inner-wrap row-bg-layer using-image\" ><div class=\"row-bg viewport-desktop using-image\"  style=\"background-image: url(https:\/\/www.home.dbrsp.de\/wp-content\/uploads\/2023\/01\/medienbildung_background-scaled.jpg); background-position: left top; background-repeat: no-repeat; \"><\/div><\/div><div class=\"row-bg-overlay row-bg-layer\" style=\"background-color:rgba(10,10,10,0.6);  opacity: 0.3; \"><\/div><\/div><div class=\"row_col_wrap_12 col span_12 light left\">\n\t<div  class=\"vc_col-sm-12 wpb_column column_container vc_column_container col no-extra-padding inherit_tablet inherit_phone \"  data-padding-pos=\"all\" data-has-bg-color=\"false\" data-bg-color=\"\" data-bg-opacity=\"1\" data-animation=\"\" data-delay=\"0\" >\n\t\t<div class=\"vc_column-inner\" >\n\t\t\t<div class=\"wpb_wrapper\">\n\t\t\t\t<div class=\"nectar-split-heading  font_size_phone_35px \" data-align=\"default\" data-m-align=\"inherit\" data-text-effect=\"default\" data-animation-type=\"line-reveal-by-space\" data-animation-delay=\"0\" data-animation-offset=\"\" data-m-rm-animation=\"\" data-stagger=\"\" data-custom-font-size=\"false\" ><h1 >Referenzschule f\u00fcr Medienbildung<\/h1><\/div>\n\t\t\t<\/div> \n\t\t<\/div>\n\t<\/div> \n<\/div><\/div>\n\t\t<div id=\"fws_69f2865fdf35e\"  data-column-margin=\"default\" data-midnight=\"dark\"  class=\"wpb_row vc_row-fluid vc_row\"  style=\"padding-top: 0px; padding-bottom: 0px; \"><div class=\"row-bg-wrap\" data-bg-animation=\"none\" data-bg-animation-delay=\"\" data-bg-overlay=\"false\"><div class=\"inner-wrap row-bg-layer\" ><div class=\"row-bg viewport-desktop\"  style=\"\"><\/div><\/div><\/div><div class=\"row_col_wrap_12 col span_12 dark left\">\n\t<div  class=\"vc_col-sm-12 wpb_column column_container vc_column_container col no-extra-padding inherit_tablet inherit_phone \"  data-padding-pos=\"all\" data-has-bg-color=\"false\" data-bg-color=\"\" data-bg-opacity=\"1\" data-animation=\"\" data-delay=\"0\" >\n\t\t<div class=\"vc_column-inner\" >\n\t\t\t<div class=\"wpb_wrapper\">\n\t\t\t\t<div class=\"divider-wrap\" data-alignment=\"default\"><div style=\"height: 25px;\" class=\"divider\"><\/div><\/div>\n\t\t\t<\/div> \n\t\t<\/div>\n\t<\/div> \n<\/div><\/div>\n\t\t<div id=\"fws_69f2865fdf693\"  data-column-margin=\"default\" data-midnight=\"dark\"  class=\"wpb_row vc_row-fluid vc_row\"  style=\"padding-top: 0px; padding-bottom: 0px; \"><div class=\"row-bg-wrap\" data-bg-animation=\"none\" data-bg-animation-delay=\"\" data-bg-overlay=\"false\"><div class=\"inner-wrap row-bg-layer\" ><div class=\"row-bg viewport-desktop\"  style=\"\"><\/div><\/div><\/div><div class=\"row_col_wrap_12 col span_12 dark left\">\n\t<div  class=\"vc_col-sm-3 wpb_column column_container vc_column_container col padding-1-percent inherit_tablet inherit_phone \"  data-padding-pos=\"all\" data-has-bg-color=\"false\" data-bg-color=\"\" data-bg-opacity=\"1\" data-animation=\"\" data-delay=\"0\" >\n\t\t<div class=\"vc_column-inner\" >\n\t\t\t<div class=\"wpb_wrapper\">\n\t\t\t\t<div class=\"img-with-aniamtion-wrap \" data-max-width=\"100%\" data-max-width-mobile=\"default\" data-shadow=\"none\" data-animation=\"none\" >\n      <div class=\"inner\">\n        <div class=\"hover-wrap\"> \n          <div class=\"hover-wrap-inner\">\n            <img loading=\"lazy\" decoding=\"async\" class=\"img-with-animation skip-lazy\" data-delay=\"0\" height=\"236\" width=\"751\" data-animation=\"none\" src=\"https:\/\/www.home.dbrsp.de\/wp-content\/uploads\/2023\/01\/rfm_medienbildung_logo.png\" alt=\"\" srcset=\"https:\/\/www.home.dbrsp.de\/wp-content\/uploads\/2023\/01\/rfm_medienbildung_logo.png 751w, https:\/\/www.home.dbrsp.de\/wp-content\/uploads\/2023\/01\/rfm_medienbildung_logo-300x94.png 300w\" sizes=\"auto, (max-width: 751px) 100vw, 751px\" \/>\n          <\/div>\n        <\/div>\n        \n      <\/div>\n    <\/div>\n\t\t\t<\/div> \n\t\t<\/div>\n\t<\/div> \n\n\t<div  class=\"vc_col-sm-9 wpb_column column_container vc_column_container col no-extra-padding inherit_tablet inherit_phone \"  data-padding-pos=\"all\" data-has-bg-color=\"false\" data-bg-color=\"\" data-bg-opacity=\"1\" data-animation=\"\" data-delay=\"0\" >\n\t\t<div class=\"vc_column-inner\" >\n\t\t\t<div class=\"wpb_wrapper\">\n\t\t\t\t\n<div class=\"wpb_text_column wpb_content_element \" >\n\t<p>Bereits in den Schuljahren 2011\/12 und 2012\/13 haben wir uns als \u201e<strong>Referenzschule f\u00fcr Medienbildung<\/strong>\u201c qualifiziert und freuen uns seither, dass wir unsere Erfahrungen mit dem t\u00e4glichen und intensiven Einsatz moderner Medien im Unterricht an andere interessierte Schulen weiter geben d\u00fcrfen.<\/p>\n<p>Die schulinterne Projektleitung hat Frau Studienr\u00e4tin (RS) Sonja Schraml inne, die innerhalb des Kollegiums federf\u00fchrend das Unterrichtsqualit\u00e4tsprojekt koordiniert und begleitet und zudem als sogenannte Medienfinformationstechnische Beraterin (MIB) auch f\u00fcr alle Realschulen im Aufsichtsbezirk Oberbayern-Ost zust\u00e4ndig ist.<\/p>\n<\/div>\n\n\n\n\n\t\t\t<\/div> \n\t\t<\/div>\n\t<\/div> \n<\/div><\/div>\n\t\t<div id=\"fws_69f2865fe0cf7\"  data-column-margin=\"default\" data-midnight=\"dark\"  class=\"wpb_row vc_row-fluid vc_row\"  style=\"padding-top: 0px; padding-bottom: 0px; \"><div class=\"row-bg-wrap\" data-bg-animation=\"none\" data-bg-animation-delay=\"\" data-bg-overlay=\"false\"><div class=\"inner-wrap row-bg-layer\" ><div class=\"row-bg viewport-desktop\"  style=\"\"><\/div><\/div><\/div><div class=\"row_col_wrap_12 col span_12 dark left\">\n\t<div  class=\"vc_col-sm-12 wpb_column column_container vc_column_container col no-extra-padding inherit_tablet inherit_phone \"  data-padding-pos=\"all\" data-has-bg-color=\"false\" data-bg-color=\"\" data-bg-opacity=\"1\" data-animation=\"\" data-delay=\"0\" >\n\t\t<div class=\"vc_column-inner\" >\n\t\t\t<div class=\"wpb_wrapper\">\n\t\t\t\t\n<div class=\"wpb_text_column wpb_content_element \" >\n\t<p>Frau Schraml, was ist eine \u201eReferenzschule f\u00fcr Medienbildung\u201c?<\/p>\n<address>\u201eEine Referenzschule f\u00fcr Medienbildung hat sich zum Ziel gesetzt, die gesamte Schulfamilie zum Thema Medien fit zu machen, aber auch die Unterrichtsqualit\u00e4t zu verbessern. Aber was bedeutet der Begriff \u201eMedienbildung\u201c eigentlich? Geht es nur darum, unsere Kids in der Funktionsweise von Computer und Softwareprogrammen zu schulen oder mit erhobenem Zeigefinger die negativen Seiten der digitalen Welt anzuprangern? Meiner Meinung nach greift beides allein zu kurz. Medienbildung, das ist f\u00fcr mich das Lernen mit und das Nachdenken \u00fcber Medien. Lernen mit den Medien hat zwei Seiten: Zum einen die praktische Arbeit am Computer innerhalb des IT-Unterrichts und zum anderen der Wissenserwerb mithilfe einer Tafel, eines Buchs, Films oder \u00c4hnlichem. Hierdurch werden die Fertigkeiten erlangt, die in der heutigen Arbeitswelt ben\u00f6tigt werden. Um aber auch in der Gesellschaft an sich bestehen zu k\u00f6nnen, braucht es noch etwas mehr. Und da w\u00e4ren wir beim Nachdenken \u00fcber Medien. In der heutigen digitalen Zeit ist es meines Erachtens genauso wichtig, den jungen Menschen zu verdeutlichen, dass sie neben der kritischen Auseinandersetzung mit den Informationen aus dem Netz sowie aus den Print- und Fernsehmedien, auch mit ihrem \u201edigitalen Ich\u201c sehr bewusst und verantwortungsvoll umgehen m\u00fcssen. Viele Sch\u00fcler gehen sehr unbedarft mit ihren pers\u00f6nlichen Angelegenheiten um, da werden z.B. E-Mail-Accounts auf einem Schul-iPad angelegt und die nachfolgende Klasse kann den privaten E-Mail-Verkehr mitlesen. In sozialen Netzwerken wie Facebook werden, sofern die Einstellungen nicht richtig vorgenommen wurden, private Dinge in die Welt\u00f6ffentlichkeit gepostet. Der neueste Trend ist das \u201eSexting\u201c, die private Verbreitung erotischer Bilder des eigenen K\u00f6rpers \u2026, wie wir alle wissen: Das Internet vergisst nichts \u2026 und die Gesellschaft noch viel weniger. Als Referenzschule f\u00fcr Medienbildung gilt es diesen Herausforderungen, neben dem Erlernen der notwendigen Kulturtechniken, zu begegnen und Verantwortungs-Bewusstsein zu schaffen.\u201c<\/address>\n<\/div>\n\n\n\n\n\t\t\t<\/div> \n\t\t<\/div>\n\t<\/div> \n<\/div><\/div>\n","protected":false},"excerpt":{"rendered":"Referenzschule f\u00fcr Medienbildung Bereits in den Schuljahren 2011\/12 und 2012\/13 haben wir uns als \u201eReferenzschule f\u00fcr Medienbildung\u201c qualifiziert und freuen uns seither, dass wir unsere Erfahrungen mit dem t\u00e4glichen und...","protected":false},"author":6,"featured_media":0,"parent":0,"menu_order":0,"comment_status":"closed","ping_status":"closed","template":"","meta":{"inline_featured_image":false,"footnotes":""},"class_list":["post-19902","page","type-page","status-publish"],"_links":{"self":[{"href":"https:\/\/www.home.dbrsp.de\/index.php\/wp-json\/wp\/v2\/pages\/19902","targetHints":{"allow":["GET"]}}],"collection":[{"href":"https:\/\/www.home.dbrsp.de\/index.php\/wp-json\/wp\/v2\/pages"}],"about":[{"href":"https:\/\/www.home.dbrsp.de\/index.php\/wp-json\/wp\/v2\/types\/page"}],"author":[{"embeddable":true,"href":"https:\/\/www.home.dbrsp.de\/index.php\/wp-json\/wp\/v2\/users\/6"}],"replies":[{"embeddable":true,"href":"https:\/\/www.home.dbrsp.de\/index.php\/wp-json\/wp\/v2\/comments?post=19902"}],"version-history":[{"count":7,"href":"https:\/\/www.home.dbrsp.de\/index.php\/wp-json\/wp\/v2\/pages\/19902\/revisions"}],"predecessor-version":[{"id":22567,"href":"https:\/\/www.home.dbrsp.de\/index.php\/wp-json\/wp\/v2\/pages\/19902\/revisions\/22567"}],"wp:attachment":[{"href":"https:\/\/www.home.dbrsp.de\/index.php\/wp-json\/wp\/v2\/media?parent=19902"}],"curies":[{"name":"wp","href":"https:\/\/api.w.org\/{rel}","templated":true}]}}