{"id":6469,"date":"2022-12-24T09:01:04","date_gmt":"2022-12-24T08:01:04","guid":{"rendered":"https:\/\/www.home.dbrsp.de\/?page_id=6469"},"modified":"2026-04-21T08:59:47","modified_gmt":"2026-04-21T06:59:47","slug":"anmeldung-uebertritt","status":"publish","type":"page","link":"https:\/\/www.home.dbrsp.de\/index.php\/anmeldung-uebertritt\/","title":{"rendered":"Anmeldung &#8211; \u00dcbertritt aus der Grundschule"},"content":{"rendered":"\n\t\t<div id=\"fws_69f0c74070ff4\"  data-column-margin=\"default\" data-midnight=\"light\" data-top-percent=\"15%\" data-bottom-percent=\"13%\"  class=\"wpb_row vc_row-fluid vc_row full-width-section vc_row-o-equal-height vc_row-flex vc_row-o-content-bottom\"  style=\"padding-top: calc(100vw * 0.15); padding-bottom: calc(100vw * 0.13); \"><div class=\"row-bg-wrap\" data-bg-animation=\"none\" data-bg-animation-delay=\"\" data-bg-overlay=\"true\"><div class=\"inner-wrap row-bg-layer using-image\" ><div class=\"row-bg viewport-desktop using-image\"  style=\"background-image: url(https:\/\/www.home.dbrsp.de\/wp-content\/uploads\/2023\/02\/anmeldeung_background_1_1-scaled.jpg); background-position: center center; background-repeat: no-repeat; \"><\/div><\/div><div class=\"row-bg-overlay row-bg-layer\" style=\"background-color:rgba(10,10,10,0.5);  opacity: 0.3; \"><\/div><\/div><div class=\"row_col_wrap_12 col span_12 light left\">\n\t<div  class=\"vc_col-sm-12 wpb_column column_container vc_column_container col no-extra-padding inherit_tablet inherit_phone flex_gap_desktop_10px \"  data-padding-pos=\"all\" data-has-bg-color=\"false\" data-bg-color=\"\" data-bg-opacity=\"1\" data-animation=\"\" data-delay=\"0\" >\n\t\t<div class=\"vc_column-inner\" >\n\t\t\t<div class=\"wpb_wrapper\">\n\t\t\t\t<div class=\"nectar-split-heading  font_size_phone_35px \" data-align=\"default\" data-m-align=\"inherit\" data-text-effect=\"default\" data-animation-type=\"line-reveal-by-space\" data-animation-delay=\"0\" data-animation-offset=\"\" data-m-rm-animation=\"\" data-stagger=\"\" data-custom-font-size=\"false\" ><h1 >Anmeldung - \u00dcbertritt aus der Grundschule<\/h1><\/div>\n\t\t\t<\/div> \n\t\t<\/div>\n\t<\/div> \n<\/div><\/div>\n\t\t<div id=\"fws_69f0c7407142e\"  data-column-margin=\"none\" data-midnight=\"dark\" data-top-percent=\"5%\" data-bottom-percent=\"2%\"  class=\"wpb_row vc_row-fluid vc_row full-width-content vc_row-o-equal-height vc_row-flex vc_row-o-content-middle  right_padding_7pct left_padding_7pct\"  style=\"padding-top: calc(100vw * 0.05); padding-bottom: calc(100vw * 0.02); \"><div class=\"row-bg-wrap\" data-bg-animation=\"none\" data-bg-animation-delay=\"\" data-bg-overlay=\"false\"><div class=\"inner-wrap row-bg-layer\" ><div class=\"row-bg viewport-desktop\"  style=\"\"><\/div><\/div><\/div><div class=\"row_col_wrap_12 col span_12 dark left\">\n\t<div  class=\"vc_col-sm-6 wpb_column column_container vc_column_container col no-extra-padding column_position_relative el_spacing_0px inherit_tablet inherit_phone flex_gap_desktop_10px \"  data-overlay-color=\"true\" data-padding-pos=\"all\" data-has-bg-color=\"false\" data-bg-color=\"\" data-bg-opacity=\"1\" data-animation=\"\" data-delay=\"0\" >\n\t\t<div class=\"vc_column-inner\" ><div class=\"column-bg-overlay-wrap column-bg-layer\" data-bg-animation=\"none\"><div class=\"column-bg-overlay\"><\/div><div class=\"column-overlay-layer\" style=\"\"><\/div><\/div>\n\t\t\t<div class=\"wpb_wrapper\">\n\t\t\t\t<div id=\"fws_69f0c74071735\" data-midnight=\"\" data-column-margin=\"default\" class=\"wpb_row vc_row-fluid vc_row inner_row\"  style=\"\"><div class=\"row-bg-wrap\"> <div class=\"row-bg\" ><\/div> <\/div><div class=\"row_col_wrap_12_inner col span_12  left\">\n\t<div style=\"\" class=\"vc_col-sm-12 vc_hidden-sm vc_hidden-xs wpb_column column_container vc_column_container col child_column bg_img_front top_padding_desktop_60vh top_padding_tablet_50vh top_padding_phone_40vh flex_gap_desktop_10px \"  data-using-bg=\"true\" data-border-radius=\"20px\" data-bg-cover=\"true\" data-padding-pos=\"all\" data-has-bg-color=\"false\" data-bg-color=\"\" data-bg-opacity=\"1\" data-animation=\"\" data-delay=\"0\" >\n\t\t<div class=\"vc_column-inner\" ><div class=\"column-image-bg-wrap column-bg-layer viewport-desktop\" data-n-parallax-bg=\"true\" data-parallax-speed=\"minimum\" data-bg-pos=\"center center\" data-bg-animation=\"none\" data-bg-overlay=\"false\"><div class=\"inner-wrap\"><div class=\"column-image-bg parallax-layer\" style=\" background-image: url('https:\/\/www.home.dbrsp.de\/wp-content\/uploads\/2022\/11\/school_background_11-scaled-1.jpg'); \"><\/div><\/div><\/div>\n\t\t<div class=\"wpb_wrapper\">\n\t\t\t\n\t\t<\/div> \n\t<\/div>\n\t<\/div> \n<\/div><\/div>\n\t\t\t<\/div> \n\t\t<\/div>\n\t<\/div> \n\n\t<div  class=\"vc_col-sm-6 wpb_column column_container vc_column_container col column_position_static el_spacing_30px left_padding_desktop_7vw flex_gap_desktop_10px \"  data-padding-pos=\"all\" data-has-bg-color=\"false\" data-bg-color=\"\" data-bg-opacity=\"1\" data-animation=\"\" data-delay=\"0\" >\n\t\t<div class=\"vc_column-inner\" >\n\t\t\t<div class=\"wpb_wrapper\">\n\t\t\t\t<div id=\"fws_69f0c74071e1f\" data-midnight=\"\" data-column-margin=\"none\" class=\"wpb_row vc_row-fluid vc_row inner_row  right_padding_5pct top_padding_tablet_8pct\"  style=\"\"><div class=\"row-bg-wrap\"> <div class=\"row-bg\" ><\/div> <\/div><div class=\"row_col_wrap_12_inner col span_12  left\">\n\t<div  class=\"vc_col-sm-12 wpb_column column_container vc_column_container col child_column no-extra-padding inherit_tablet inherit_phone flex_gap_desktop_10px \"   data-padding-pos=\"all\" data-has-bg-color=\"false\" data-bg-color=\"\" data-bg-opacity=\"1\" data-animation=\"\" data-delay=\"0\" >\n\t\t<div class=\"vc_column-inner\" >\n\t\t<div class=\"wpb_wrapper\">\n\t\t\t\n<div class=\"wpb_text_column wpb_content_element \" >\n\t<h3><strong>Informationen und Hilfestellungen zum Schulwechsel<\/strong><\/h3>\n<\/div>\n\n\n\n\n\t\t<\/div> \n\t<\/div>\n\t<\/div> \n<\/div><\/div><div id=\"fws_69f0c7407202c\" data-midnight=\"\" data-column-margin=\"default\" class=\"wpb_row vc_row-fluid vc_row inner_row  right_padding_14pct\"  style=\"\"><div class=\"row-bg-wrap\"> <div class=\"row-bg\" ><\/div> <\/div><div class=\"row_col_wrap_12_inner col span_12  left\">\n\t<div  class=\"vc_col-sm-12 wpb_column column_container vc_column_container col child_column no-extra-padding inherit_tablet inherit_phone flex_gap_desktop_10px \"   data-padding-pos=\"all\" data-has-bg-color=\"false\" data-bg-color=\"\" data-bg-opacity=\"1\" data-animation=\"\" data-delay=\"0\" >\n\t\t<div class=\"vc_column-inner\" >\n\t\t<div class=\"wpb_wrapper\">\n\t\t\t\n<div class=\"wpb_text_column wpb_content_element  body_portfolio\" >\n\t<p>Die erste Schulwahl nach der Grundschule bedeutet keine abschlie\u00dfende Entscheidung \u00fcber die schulische Laufbahn des Kindes. Das bayerische Schulsystem er\u00f6ffnet jedem Kind einen individuellen Bildungsweg.<\/p>\n<p>Im Laufe eines Schullebens k\u00f6nnen sich die Leistungen von Kindern und Jugendlichen \u00e4ndern. Jede Sch\u00fclerin und jeder Sch\u00fcler erh\u00e4lt deshalb regelm\u00e4\u00dfig die M\u00f6glichkeit, ihren oder seinen Bildungsweg neuen Gegebenheiten und Zielen anzupassen.<\/p>\n<p>Am einfachsten gelingt ein Wechsel jedoch nach der 5. und 6. Klassen, den sogenannten Gelenkklassen. Ab der 7. Klasse ver\u00e4ndern sich die Anforderungen in den Schularten stetig und bringen dadurch Themengebiet mit sich, die mit anderem Schwerpunkt oder gar nicht in der unterschiedlichen Schulart behandelt werden. Ein Nach lernen ist hier unerl\u00e4sslich, um an der Realschule gut Fu\u00df fassen zu k\u00f6nnen.<\/p>\n<\/div>\n\n\n\n<div class=\"nectar-split-heading \" data-align=\"default\" data-m-align=\"inherit\" data-text-effect=\"default\" data-animation-type=\"line-reveal-by-space\" data-animation-delay=\"0\" data-animation-offset=\"\" data-m-rm-animation=\"\" data-stagger=\"\" data-custom-font-size=\"false\" ><h3 >Bitte beachten Sie:<\/h3><\/div>\n<div class=\"wpb_text_column wpb_content_element  body_portfolio\" >\n\t<blockquote>\n<p style=\"font-weight: 400;\"><strong>Die Einschreibung an der Realschule erfolgt in 2 Schritten: <\/strong><\/p>\n<p style=\"font-weight: 400;\"><strong>Schritt 1: Online-Anmeldung in der Zeit vom 01. bis 07. Mai 2026 <\/strong><\/p>\n<p style=\"font-weight: 400;\"><strong>Schritt 2: Abgabe der Pflichtunterlagen (pers\u00f6nlich oder durch Vertreter\/in) am 11. und 12. Mai 2026 <\/strong>jeweils in der Zeit von 7:30 Uhr bis 13:30 Uhr.<\/p>\n<\/blockquote>\n<p style=\"font-weight: 400;\">Die pers\u00f6nliche Anmeldung mit der Abgabe der Pflichtunterlagen von Gastschulkindern (Nicht-Sprengel) <strong>und<\/strong> von Sprengelkindern, die am Probeunterricht teilnehmen m\u00fcssen, ist <strong>ausschlie\u00dflich am Montag den 11. Mai 2026<\/strong> m\u00f6glich.<\/p>\n<p style=\"font-weight: 400;\">Um Kindern mit sonderp\u00e4dagogischen F\u00f6rderbedarf (Autismus, k\u00f6rperliche Beeintr\u00e4chtigungen, H\u00f6ren, etc.) einen reibungslosen Start bei uns an der Schule zu erm\u00f6glichen, <strong>nehmen Sie bitte rechtzeitig schon weit vor dem eigentlichen Anmeldetermin Kontakt mit der Schulleitung auf, sonst kann keine Aufnahme erfolgen.<\/strong> Bitte vereinbaren Sie hierf\u00fcr einen Termin mit unserem Sekretariat.<\/p>\n<p>Weitere Informationen finden Sie kurz vor dem Anmeldezeitraum unter &#8222;Online-Anmeldung&#8220;.<\/p>\n<p>Die Anmeldung geschieht durch einen\u00a0<strong>Erziehungsberechtigten<\/strong>. Es wird darauf aufmerksam gemacht, dass die Anmeldung im gegenseitigen Einverst\u00e4ndnis der Erziehungsberechtigten vorzunehmen ist.<\/p>\n<\/div>\n\n\n\n<a class=\"nectar-button small regular accent-color  regular-button\"  role=\"button\" style=\"\"  href=\"#\" data-color-override=\"false\" data-hover-color-override=\"false\" data-hover-text-color-override=\"#fff\"><span>InfoFlyer<\/span><\/a>\n\t\t<\/div> \n\t<\/div>\n\t<\/div> \n<\/div><\/div>\n\t\t\t<\/div> \n\t\t<\/div>\n\t<\/div> \n<\/div><\/div>\n\t\t<div id=\"fws_69f0c7407247c\"  data-column-margin=\"default\" data-midnight=\"dark\"  class=\"wpb_row vc_row-fluid vc_row full-width-section has-row-bg-color  top_padding_phone_20px bottom_padding_phone_20px\"  style=\"padding-top: 50px; padding-bottom: 50px; --row-bg-color: #ffffff;\"><div class=\"row-bg-wrap\" data-bg-animation=\"none\" data-bg-animation-delay=\"\" data-bg-overlay=\"false\"><div class=\"inner-wrap row-bg-layer\" ><div class=\"row-bg viewport-desktop using-bg-color\"  style=\"background-color: #ffffff; \"><\/div><\/div><\/div><div class=\"row_col_wrap_12 col span_12 dark left\">\n\t<div  class=\"vc_col-sm-12 wpb_column column_container vc_column_container col no-extra-padding inherit_tablet inherit_phone flex_gap_desktop_10px \"  data-padding-pos=\"all\" data-has-bg-color=\"false\" data-bg-color=\"\" data-bg-opacity=\"1\" data-animation=\"\" data-delay=\"0\" >\n\t\t<div class=\"vc_column-inner\" >\n\t\t\t<div class=\"wpb_wrapper\">\n\t\t\t\t\n<div class=\"wpb_text_column wpb_content_element \" >\n\t<h2>Wichtiges zur Anmeldung<\/h2>\n<\/div>\n\n\n\n<div class=\"toggles \" data-br=\"\" data-starting=\"default\" data-style=\"minimal\"><div class=\"toggle default\" data-inner-wrap=\"true\"><h3 class=\"toggle-title\"><a href=\"#\" role=\"button\" class=\"toggle-heading\"><i role=\"presentation\" class=\"fa fa-plus\"><\/i>\u00dcbertritt aus der 4. Klasse Grundschule<\/a><\/h3><div><div class=\"inner-toggle-wrap\">\n<div class=\"wpb_text_column wpb_content_element \" >\n\t<p><strong>Von der JGST 4 der Grundschule:<\/strong><\/p>\n<p>Die Grundschule spricht mit dem \u00dcbertrittszeugnis eine Einsch\u00e4tzung aus, welche Schulart f\u00fcr das Kind in seiner derzeitigen Lebensphase angebracht ist. Die Grundschule zieht dazu die Gesamtdurchschnittsnote aus den F\u00e4chern Deutsch, Mathematik und Heimat- und Sachunterricht im \u00dcbertrittszeugnis der JGST 4 heran. F\u00fcr den \u00dcbertritt in die Realschule ist eine Durchschnittsnote von mindestens 2,66 erforderlich.<\/p>\n<p>Zus\u00e4tzlich gilt als grunds\u00e4tzliches Kriterium die H\u00f6chstaltersgrenze, demnach darf der Sch\u00fcler am 30. September 2024 das 12. Lebensjahr noch nicht vollendet haben.<\/p>\n<p>Sollte der Notendurchschnitt f\u00fcr die Realschule nicht erreicht worden sein, besteht die M\u00f6glichkeit des Probeunterrichts <em>(siehe weiterer Punkt)<\/em><\/p>\n<p><strong>Die Einschreibung an der Realschule erfolgt in der Zeit vom 01. bis 07. Mai 2026 ausschlie\u00dflich online.<\/strong><\/p>\n<p>Die\u00a0<strong>Abgabe der Pflichtunterlagen <\/strong>im Anschluss an die Onlineanmeldung ist m\u00f6glich von<strong> Montag, den 11.05.2026 bis Dienstag, den 12.05.2026 <\/strong>jeweils in der Zeit <strong>von 07:30 Uhr bis 13:30 Uhr <\/strong>pers\u00f6nlich oder durch eine\/n Vertreter\/in.<\/p>\n<p>Weitere Informationen finden Sie kurz vor dem Anmeldezeitraum unter &#8222;Online-Anmeldung&#8220;.<\/p>\n<\/div>\n\n\n\n<\/div><\/div><\/div><div class=\"toggle default\" data-inner-wrap=\"true\"><h3 class=\"toggle-title\"><a href=\"#\" role=\"button\" class=\"toggle-heading\"><i role=\"presentation\" class=\"fa fa-plus\"><\/i>Unser Einzugsgebiet<\/a><\/h3><div><div class=\"inner-toggle-wrap\">\n<div class=\"wpb_text_column wpb_content_element \" >\n\t<div>\n<p>Grunds\u00e4tzlich genie\u00dfen alle Kinder aus den Gemeinden unseres unmittelbaren Einzugsgebietes\u00a0<b>Vorrang<\/b> bei der Anmeldung an der Dominik Brunner Realschule. Das sind die Gemeinden <b>Poing<\/b>,\u00a0<b>Pliening\u00a0<\/b>und\u00a0<b>Anzing<\/b>\u00a0und deren Gemeindeteile. Diese Regelung ist auf Absprachen zwischen den Realschulen und mit dem Landkreis Ebersberg zur\u00fcckzuf\u00fchren und dient dazu, den Kindern vor Ort Schulpl\u00e4tze zu garantieren.<\/p>\n<\/div>\n<div>\n<p>Ausf\u00fchrliche Hinweise dazu k\u00f6nnen Sie hier nachlesen:<\/p>\n<\/div>\n<div><\/div>\n<\/div>\n\n\n\n<a class=\"nectar-button medium regular accent-color  regular-button\"  role=\"button\" style=\"\"  href=\"https:\/\/www.home.dbrsp.de\/index.php\/einzugsgebiet-unserer-realschule\/\" data-color-override=\"false\" data-hover-color-override=\"false\" data-hover-text-color-override=\"#fff\"><span>Einzugsgebiet<\/span><\/a><\/div><\/div><\/div><div class=\"toggle default\" data-inner-wrap=\"true\"><h3 class=\"toggle-title\"><a href=\"#\" role=\"button\" class=\"toggle-heading\"><i role=\"presentation\" class=\"fa fa-plus\"><\/i>Allgemeine Informationen zum \u00dcbertritt<\/a><\/h3><div><div class=\"inner-toggle-wrap\">\n<div class=\"wpb_text_column wpb_content_element \" >\n\t<\/div>\n\n\n\n<a class=\"nectar-button medium regular accent-color  regular-button\"  role=\"button\" style=\"\"  href=\"https:\/\/www.home.dbrsp.de\/index.php\/digitaler-tag-der-offenen-tuer\/\" data-color-override=\"false\" data-hover-color-override=\"false\" data-hover-text-color-override=\"#fff\"><span>Einblicke in unsere Schule<\/span><\/a><\/div><\/div><\/div><div class=\"toggle default\" data-inner-wrap=\"true\"><h3 class=\"toggle-title\"><a href=\"#\" role=\"button\" class=\"toggle-heading\"><i role=\"presentation\" class=\"fa fa-plus\"><\/i>Online-Anmeldung<\/a><\/h3><div><div class=\"inner-toggle-wrap\">\n<div class=\"wpb_text_column wpb_content_element \" >\n\t<p>Die Online-Anmeldung f\u00fcr die Jahrgangsstufe 5 ist im Moment noch geschlossen. Die Informationen werden noch aktualisiert.<\/p>\n<p style=\"font-weight: 400\">Letzter Schritt: restliche Unterlagen einreichen.<\/p>\n<p style=\"font-weight: 400\">Abgabe der Pflichtunterlagen:<\/p>\n<ul>\n<li>Ausdruck des Anmeldeblattes<\/li>\n<li>\u00dcbertrittszeugnis im Original<\/li>\n<li>Geburtsurkunde im Original und Kopie<\/li>\n<li>Impfbuch im Original<\/li>\n<li>Datenschutzhinweis Masernschutzgesetz<\/li>\n<li>Einwilligung in die Ver\u00f6ffentlichung von personenbezogenen Daten<\/li>\n<li>Notfalldatenblatt<\/li>\n<li>EDV-Nutzungsordnung<\/li>\n<li>Passfoto<\/li>\n<\/ul>\n<p style=\"font-weight: 400\">Optional:<\/p>\n<ul>\n<li>Antrag auf Teilnahme am Religionsunterricht\/Ethikunterricht (Nur notwendig, wenn es von der Konfession abweicht!)<\/li>\n<li>Sorgerechtsbeschluss\/ Fahrkostenantrag (vorher online beantragen) \/ OGS-Antrag\/ Vorbehaltserkl\u00e4rung bei Nicht-Sprengel\/ Nachteilsausgleich<\/li>\n<\/ul>\n<p style=\"font-weight: 400\">Erst nach pers\u00f6nlicher Abgabe der vollst\u00e4ndigen und unterschriebenen Unterlagen ist die Anmeldung Ihres Kindes abgeschlossen. Vorher kann kein Platz garantieren werden. Sie werden anhand der angegebenen E-Mail-Adresse \u00fcber den Status Ihrer Anmeldung informiert.<\/p>\n<\/div>\n\n\n\n<a class=\"nectar-button medium regular accent-color  regular-button hide-legacy-button\"  role=\"button\" style=\"\" target=\"_blank\" href=\"https:\/\/anmeldung.realschule-poing.de\/\" data-color-override=\"false\" data-hover-color-override=\"false\" data-hover-text-color-override=\"#fff\"><span>Bitte hier klicken<\/span><\/a><\/div><\/div><\/div><div class=\"toggle default\" data-inner-wrap=\"true\"><h3 class=\"toggle-title\"><a href=\"#\" role=\"button\" class=\"toggle-heading\"><i role=\"presentation\" class=\"fa fa-plus\"><\/i>Lese-Rechtschreib-St\u00f6rung<\/a><\/h3><div><div class=\"inner-toggle-wrap\"><a class=\"nectar-button medium see-through-2  has-icon\"  role=\"button\" style=\"\" target=\"_blank\" href=\"https:\/\/www.home.dbrsp.de\/wp-content\/uploads\/2024\/04\/Anmeldung-LRSt-2024-04-30-21_23_48.pdf\" data-color-override=\"false\" data-hover-color-override=\"false\" data-hover-text-color-override=\"#ffffff\"><span>Download<\/span><i  class=\"icon-button-arrow\"><\/i><\/a>\n<div class=\"wpb_text_column wpb_content_element \" >\n\t<\/div>\n\n\n\n<\/div><\/div><\/div><div class=\"toggle default\" data-inner-wrap=\"true\"><h3 class=\"toggle-title\"><a href=\"#\" role=\"button\" class=\"toggle-heading\"><i role=\"presentation\" class=\"fa fa-plus\"><\/i>Probeunterricht<\/a><\/h3><div><div class=\"inner-toggle-wrap\">\n<div class=\"wpb_text_column wpb_content_element \" >\n\t<p style=\"font-weight: 400\">Sch\u00fclerinnen und Sch\u00fcler die trotz eines schlechteren Gesamtnotenschnitts als 2,66 in den F\u00e4chern Deutsch, Mathematik sowie Heimat- und Sachkunde die Realschule besuchen wollen, m\u00fcssen einen Probeunterricht absolvieren.<\/p>\n<p>Durch einen erfolgreich absolvierten Probeunterricht an der aufnehmenden Schulart kann ebenfalls die Eignung festgestellt werden. Die schriftlichen Aufgaben des dreit\u00e4gigen Probeunterrichtes in den F\u00e4chern Deutsch und Mathematik werden vom Kultusministerium zentral gestellt. In beiden F\u00e4chern werden auch m\u00fcndliche Noten gebildet. Der Probeunterricht ist erfolgreich bestanden, wenn in einem Fach mindestens die Note 3 und im anderen Fach mindestens die Note 4 erreicht wird. Erh\u00e4lt der Pr\u00fcfling im Probeunterricht in beiden F\u00e4chern jeweils die Note 4 erreicht, so k\u00f6nnen die Eltern nach einem freiwilligen Beratungsgespr\u00e4ch entscheiden, ob ihr Kind auf die Realschule wechseln soll.<\/p>\n<p style=\"font-weight: 400\">Beinhaltet das Ergebnis des Probeunterrichts eine 5 (oder schlechtere Note), so ist kein \u00dcbertritt an die Realschule m\u00f6glich.<\/p>\n<p style=\"font-weight: 400\">Um sich zu diesem anzumelden, ist das gleiche Anmeldeprozedere \u00fcber die Online-Anmeldung und pers\u00f6nliche Anmeldung an der Dominik-Brunner-Realschule notwendig wie f\u00fcr die Kinder, die den Schnitt erreicht haben.<\/p>\n<p style=\"font-weight: 400\">Allerdings kann die <strong>pers\u00f6nliche Anmeldung<\/strong> ausschlie\u00dflich am <strong>Montag, den 11.05.2026<\/strong> erfolgen.<\/p>\n<p style=\"font-weight: 400\">Bitte beachten Sie, dass ein Probeunterricht an der Dominik-Brunner-Realschule, <strong>nur f\u00fcr Sprengelkinder<\/strong> m\u00f6glich ist.<\/p>\n<p><strong>Der Probeunterricht findet in diesem Schuljahr von Dienstag, 19. Mai 2026 bis Donnerstag, 21. Mai 2026 statt.<\/strong><\/p>\n<p>Weiterf\u00fchrende Informationen zum Probeunterricht finden Sie hier (Download):<\/p>\n<\/div>\n\n\n\n<a class=\"nectar-button medium see-through-2  has-icon\"  role=\"button\" style=\"\" target=\"_blank\" href=\"https:\/\/www.home.dbrsp.de\/wp-content\/uploads\/2026\/02\/Wichtiges-zum-Probeunterricht_2026_27.pdf\" data-color-override=\"false\" data-hover-color-override=\"false\" data-hover-text-color-override=\"#ffffff\"><span>Allgemeine Informationen<\/span><i  class=\"icon-button-arrow\"><\/i><\/a><a class=\"nectar-button medium see-through-2  has-icon\"  role=\"button\" style=\"\" target=\"_blank\" href=\"https:\/\/www.home.dbrsp.de\/wp-content\/uploads\/2024\/04\/Probeunterricht-LRSt-2-2024-04-30-21_10_08.pdf\" data-color-override=\"false\" data-hover-color-override=\"false\" data-hover-text-color-override=\"#ffffff\"><span>Probeunterricht mit Lese-Rechtschreibung-St\u00f6rung<\/span><i  class=\"icon-button-arrow\"><\/i><\/a><\/div><\/div><\/div><div class=\"toggle default\" data-inner-wrap=\"true\"><h3 class=\"toggle-title\"><a href=\"#\" role=\"button\" class=\"toggle-heading\"><i role=\"presentation\" class=\"fa fa-plus\"><\/i>Wie geht es nach der Anmeldung weiter?<\/a><\/h3><div><div class=\"inner-toggle-wrap\">\n<div class=\"wpb_text_column wpb_content_element \" >\n\t<p>Die Klassenlisten f\u00fcr das neue Schuljahr k\u00f6nnen am <strong>Montag den 14. September\u00a0ab 10.00 Uhr<\/strong>\u00a0in unserem Atrium eingesehen werden.<\/p>\n<p>Am <strong>Dienstag den<\/strong> <strong>14. September 2026 <\/strong>beginnt der Unterricht f\u00fcr unsere <strong>5. Klassen<\/strong> um 8.30 Uhr mit einer Begr\u00fc\u00dfung der neuen Sch\u00fcler\/innen im Atrium der Dominik-Brunner-Realschule. Die Begr\u00fc\u00dfung findet gerne im Beisein der Familienmitglieder statt und dauert bis ca. 9.00 Uhr.<\/p>\n<p style=\"font-weight: 400\">Unterrichtsende am ersten Schultag ist um 11.15 Uhr. Ab dem zweiten Schultag findet der Unterricht nach Stundenplan statt.<\/p>\n<p><strong>Bitte beachten Sie:<\/strong> Derzeit sind wir noch in den Planungen. Alle Eltern der neuen F\u00fcnftkl\u00e4ssler erhalten hierzu in der letzten Ferienwoche noch unsere weitere Informationen.<\/p>\n<\/div>\n\n\n\n<\/div><\/div><\/div><\/div>\n\t\t\t<\/div> \n\t\t<\/div>\n\t<\/div> \n<\/div><\/div>\n\t\t<div id=\"home\"  data-column-margin=\"default\" data-midnight=\"dark\" data-top-percent=\"3%\" data-bottom-percent=\"4%\"  class=\"wpb_row vc_row-fluid vc_row full-width-content has-row-bg-color vc_row-o-equal-height vc_row-flex vc_row-o-content-middle  top_padding_tablet_2pct bottom_padding_tablet_2pct\"  style=\"padding-top: calc(100vw * 0.03); padding-bottom: calc(100vw * 0.04); --row-bg-color: #ffffff;\"><div class=\"row-bg-wrap\" data-bg-animation=\"none\" data-bg-animation-delay=\"\" data-bg-overlay=\"false\"><div class=\"inner-wrap row-bg-layer\" ><div class=\"row-bg viewport-desktop using-bg-color\"  style=\"background-color: #ffffff; \"><\/div><\/div><\/div><div class=\"row_col_wrap_12 col span_12 dark left\">\n\t<div  class=\"vc_col-sm-3 vc_hidden-sm vc_col-xs-12 vc_hidden-xs wpb_column column_container vc_column_container col no-extra-padding force-desktop-text-align-center right_margin_tablet_auto right_margin_phone_auto left_margin_tablet_auto left_margin_phone_auto inherit_tablet inherit_phone max_width_tablet_600px max_width_phone_420px flex_gap_desktop_10px \"  data-padding-pos=\"all\" data-has-bg-color=\"false\" data-bg-color=\"\" data-bg-opacity=\"1\" data-animation=\"\" data-delay=\"0\" >\n\t\t<div class=\"vc_column-inner\" >\n\t\t\t<div class=\"wpb_wrapper\">\n\t\t\t\t<div class=\"nectar_icon_wrap translate_x_desktop_50pct \" data-style=\"default\" data-padding=\"20px\" data-color=\"accent-color\" style=\"\" >\n\t\t<div class=\"nectar_icon\" ><i style=\"font-size: 160px; line-height: 160px; height: 160px; width: 160px;\" class=\"fa fa-question-circle\"><\/i><\/div>\n\t<\/div>\n\t\t\t<\/div> \n\t\t<\/div>\n\t<\/div> \n\n\t<div style=\"z-index: 100; \" class=\"vc_col-sm-9 vc_col-xs-12 wpb_column column_container vc_column_container col padding-7-percent max_width_desktop_1000px top_margin_tablet_40px right_margin_tablet_auto right_margin_phone_auto left_margin_tablet_auto left_margin_phone_auto no-extra-padding_tablet no-extra-padding_phone max_width_tablet_600px max_width_phone_420px flex_gap_desktop_10px \"  data-padding-pos=\"left-right\" data-has-bg-color=\"false\" data-bg-color=\"\" data-bg-opacity=\"1\" data-animation=\"\" data-delay=\"0\" >\n\t\t<div class=\"vc_column-inner\" >\n\t\t\t<div class=\"wpb_wrapper\">\n\t\t\t\t<div id=\"fws_69f0c740738ab\" data-midnight=\"\" data-column-margin=\"40px\" class=\"wpb_row vc_row-fluid vc_row inner_row\"  style=\"\"><div class=\"row-bg-wrap\"> <div class=\"row-bg\" ><\/div> <\/div><div class=\"row_col_wrap_12_inner col span_12  left\">\n\t<div  class=\"vc_col-sm-12 wpb_column column_container vc_column_container col child_column no-extra-padding inherit_tablet inherit_phone flex_gap_desktop_10px \"   data-padding-pos=\"all\" data-has-bg-color=\"false\" data-bg-color=\"\" data-bg-opacity=\"1\" data-animation=\"\" data-delay=\"0\" >\n\t\t<div class=\"vc_column-inner\" >\n\t\t<div class=\"wpb_wrapper\">\n\t\t\t\n<div class=\"wpb_text_column wpb_content_element  vc_custom_1672133417571\" >\n\t<h2>Schulwechselanfrage<\/h2>\n<\/div>\n\n\n\n\n<div class=\"wpb_text_column wpb_content_element \" >\n\t<p>Sollten Sie sich mit dem Gedanken tragen, ein Schulwechsel an die Dominik-Brunner-Realschule k\u00f6nnte das Richtige f\u00fcr Ihr Kind sein, sind sich diesbez\u00fcglich aber noch unsicher, dann stehen Ihnen zwei Wege offen:<\/p>\n<ul>\n<li>Ein Beratungsgespr\u00e4ch an der Schule Ihres Kindes mit der Beratungslehrkraft vor Ort. Diese kann eine individuelle Einsch\u00e4tzung zu Ihrem Kind abgeben, da dieser der Kontakt zu den unterrichtenden Lehrkr\u00e4ften und der derzeitige Notenstand vorliegt.<\/li>\n<li>Ein Beratungsgespr\u00e4ch an der Dominik Brunner Realschule. Frau Lauterbach gibt Ihnen gerne Auskunft \u00fcber das Prozedere eines Schulwechsels, die verschiedenen Aufnahmem\u00f6glichkeiten, die Wahlpflichtf\u00e4chergruppen an der Realschule oder den nachzulernenden Stoff bei einem Wechsel. F\u00fcllen Sie das Kontaktformular aus, Sie erhalten zeitnah einen R\u00fcckruf.<\/li>\n<\/ul>\n<\/div>\n\n\n\n\n\t\t<\/div> \n\t<\/div>\n\t<\/div> \n<\/div><\/div><div id=\"fws_69f0c74073a63\" data-midnight=\"\" data-column-margin=\"default\" class=\"wpb_row vc_row-fluid vc_row inner_row  bottom_padding_tablet_40px bottom_padding_phone_40px\"  style=\"padding-bottom: 0px; \"><div class=\"row-bg-wrap\"> <div class=\"row-bg\" ><\/div> <\/div><div class=\"row_col_wrap_12_inner col span_12  left\">\n\t<div  class=\"vc_col-sm-12 wpb_column column_container vc_column_container col child_column no-extra-padding inherit_tablet inherit_phone flex_gap_desktop_10px \"   data-padding-pos=\"all\" data-has-bg-color=\"false\" data-bg-color=\"\" data-bg-opacity=\"1\" data-animation=\"\" data-delay=\"0\" >\n\t\t<div class=\"vc_column-inner\" >\n\t\t<div class=\"wpb_wrapper\">\n\t\t\t<div class=\"nectar-cta  alignment_tablet_default alignment_phone_default display_tablet_inherit display_phone_inherit \" data-color=\"accent-color\" data-using-bg=\"true\" data-style=\"arrow-animation\" data-display=\"block\" data-alignment=\"left\" data-text-color=\"custom\" style=\"--nectar-text-color: #ffffff; --nectar-button-color: var(--nectar-accent-color); --nectar-icon-gap: 10px; \"><h6 style=\"color: #ffffff;\"><span class=\"link_wrap\" style=\"padding-top: 15px; padding-right: 35px; padding-bottom: 15px; padding-left: 35px;\"><a  class=\"link_text\" role=\"button\" href=\"https:\/\/www.home.dbrsp.de\/index.php\/schulwechsel-anfrage\/\"><span class=\"text\">Schulwechselanfrage<\/span><svg class=\"next-arrow\" aria-hidden=\"true\" width=\"20px\" height=\"25px\" viewBox=\"0 0 50 80\" xml:space=\"preserve\">\n  <polyline stroke=\"#ffffff\" stroke-width=\"9\" fill=\"none\" stroke-linecap=\"round\" stroke-linejoin=\"round\" points=\"0, 0 45, 40 0, 80\"\/>\n  <\/svg>  <span aria-hidden=\"true\" class=\"line\"  style=\"background-color: #ffffff;\"><\/span> <\/a><\/span><\/h6><\/div>\n\t\t<\/div> \n\t<\/div>\n\t<\/div> \n<\/div><\/div>\n\t\t\t<\/div> \n\t\t<\/div>\n\t<\/div> \n<\/div><\/div>\n","protected":false},"excerpt":{"rendered":"Anmeldung - \u00dcbertritt aus der Grundschule Informationen und Hilfestellungen zum Schulwechsel Die erste Schulwahl nach der Grundschule bedeutet keine abschlie\u00dfende Entscheidung \u00fcber die schulische Laufbahn des Kindes. Das bayerische Schulsystem...","protected":false},"author":6,"featured_media":0,"parent":0,"menu_order":0,"comment_status":"closed","ping_status":"closed","template":"","meta":{"inline_featured_image":false,"footnotes":""},"class_list":["post-6469","page","type-page","status-publish"],"_links":{"self":[{"href":"https:\/\/www.home.dbrsp.de\/index.php\/wp-json\/wp\/v2\/pages\/6469","targetHints":{"allow":["GET"]}}],"collection":[{"href":"https:\/\/www.home.dbrsp.de\/index.php\/wp-json\/wp\/v2\/pages"}],"about":[{"href":"https:\/\/www.home.dbrsp.de\/index.php\/wp-json\/wp\/v2\/types\/page"}],"author":[{"embeddable":true,"href":"https:\/\/www.home.dbrsp.de\/index.php\/wp-json\/wp\/v2\/users\/6"}],"replies":[{"embeddable":true,"href":"https:\/\/www.home.dbrsp.de\/index.php\/wp-json\/wp\/v2\/comments?post=6469"}],"version-history":[{"count":159,"href":"https:\/\/www.home.dbrsp.de\/index.php\/wp-json\/wp\/v2\/pages\/6469\/revisions"}],"predecessor-version":[{"id":23149,"href":"https:\/\/www.home.dbrsp.de\/index.php\/wp-json\/wp\/v2\/pages\/6469\/revisions\/23149"}],"wp:attachment":[{"href":"https:\/\/www.home.dbrsp.de\/index.php\/wp-json\/wp\/v2\/media?parent=6469"}],"curies":[{"name":"wp","href":"https:\/\/api.w.org\/{rel}","templated":true}]}}